{"id":2861,"date":"2025-06-24T21:13:57","date_gmt":"2025-06-24T21:13:57","guid":{"rendered":"https:\/\/hidesdeltietar.com\/?page_id=2861"},"modified":"2026-03-13T04:49:41","modified_gmt":"2026-03-13T04:49:41","slug":"hide-de-lince-iberico","status":"publish","type":"page","link":"https:\/\/hidesdeltietar.com\/en\/hide-de-lince-iberico\/","title":{"rendered":"HIDE DE LINCE IB\u00c9RICO"},"content":{"rendered":"<figure class=\"wp-block-image size-full\"><img loading=\"lazy\" decoding=\"async\" width=\"1500\" height=\"2250\" src=\"https:\/\/hidesdeltietar.com\/wp-content\/uploads\/2026\/03\/Z636869-Editar.jpg\" alt=\"Hide de Lince HIDES DEL TI\u00c9TAR\" class=\"wp-image-3236\"\/><figcaption class=\"wp-element-caption\">Hide de Lince HIDES DEL TI\u00c9TAR<\/figcaption><\/figure>\n\n\n\n<h2 class=\"wp-block-heading\">Hide de Lince Ib\u00e9rico (<em>Lynx pardinus<\/em>) en Pol\u00e1n (Toledo)<\/h2>\n\n\n\n<h2 class=\"wp-block-heading\"><\/h2>\n\n\n\n<p class=\"wp-block-paragraph\">Te presentamos nuestro exclusivo Hide de Lince Ib\u00e9rico, ubicado en un entorno privilegiado en las inmediaciones de Pol\u00e1n, Toledo, a tan solo 15 minutos de la ciudad y aproximadamente a 85 kil\u00f3metros (una hora) de Madrid. Un lugar \u00fanico para observar y fotografiar a uno de los felinos m\u00e1s emblem\u00e1ticos y escurridizos de Europa: <strong>el Lynx pardinus<\/strong>.<\/p>\n\n\n\n<h3 class=\"wp-block-heading\">Caracter\u00edsticas del hide<\/h3>\n\n\n\n<ul class=\"wp-block-list\">\n<li>Construido en madera y perfectamente integrado en el entorno natural.<\/li>\n\n\n\n<li>Cristal esp\u00eda para asegurar la m\u00e1xima discreci\u00f3n sin comprometer la calidad fotogr\u00e1fica.<\/li>\n\n\n\n<li>Capacidad para 2 personas, ideal para disfrutar de una experiencia tranquila y exclusiva.<\/li>\n\n\n\n<li>Orientado estrat\u00e9gicamente hacia una charca natural que, en los meses de verano, se convierte en un punto clave donde acuden los linces a beber.<\/li>\n\n\n\n<li>En esta \u00e9poca del a\u00f1o es habitual la presencia de cr\u00edas acompa\u00f1adas por la madre, un momento \u00fanico para la fotograf\u00eda de fauna.<\/li>\n<\/ul>\n\n\n\n<h3 class=\"wp-block-heading\">Sesiones de d\u00eda completo<\/h3>\n\n\n\n<p class=\"wp-block-paragraph\">La experiencia se desarrolla a lo largo de una jornada completa, dividida en dos partes:<\/p>\n\n\n\n<ul class=\"wp-block-list\">\n<li><strong>Por la ma\u00f1ana<\/strong>, a primera hora, cuando comienza la actividad.<\/li>\n\n\n\n<li><strong>Por la tarde<\/strong>, a \u00faltima hora, justo antes del anochecer, uno de los momentos m\u00e1s fotog\u00e9nicos.<\/li>\n<\/ul>\n\n\n\n<p class=\"wp-block-paragraph\">Durante el mediod\u00eda se realiza una pausa fuera del hide para descansar y reponer fuerzas.<\/p>\n\n\n\n<h3 class=\"wp-block-heading\">Vive una experiencia inolvidable<\/h3>\n\n\n\n<p class=\"wp-block-paragraph\">Captura im\u00e1genes \u00fanicas del lince ib\u00e9rico en libertad con la comodidad y seguridad de un hide profesional. Si eres amante de la naturaleza y la fotograf\u00eda, esta es una oportunidad que no puedes dejar pasar.<\/p>\n\n\n\n<hr class=\"wp-block-separator has-alpha-channel-opacity\"\/>\n\n\n\n<h2 class=\"wp-block-heading\">PRECIO: 180\u20ac<\/h2>\n\n\n\n<h2 class=\"wp-block-heading\">ES RECOMENDABLE HACER DOS D\u00cdAS SEGUIDOS PARA GARANTIZAR EL \u00c9XITO<\/h2>\n\n\n\n<p class=\"wp-block-paragraph\">Esta recomendaci\u00f3n implica <strong>reservar y abonar dos d\u00edas<\/strong>.<br>Si el participante <strong>reserva dos d\u00edas<\/strong> y el lince <strong>no entra en ninguno de ellos<\/strong>, la <strong>repetici\u00f3n es gratuita<\/strong>.<br>Si el participante <strong>reserva un \u00fanico d\u00eda<\/strong> y el lince <strong>no entra<\/strong>, podr\u00e1 repetir la sesi\u00f3n abonando una <strong>tarifa reducida de 50 \u20ac<\/strong> destinada a cubrir gastos y permitir una nueva oportunidad.<br>En resumen:<\/p>\n\n\n\n<ul class=\"wp-block-list\">\n<li><strong>Reservas de dos d\u00edas<\/strong> \u2192 se abonan dos d\u00edas; si no entra, <strong>repetici\u00f3n gratuita<\/strong>.<\/li>\n\n\n\n<li><strong>Reserva de un d\u00eda<\/strong> \u2192 si no entra, <strong>repetici\u00f3n por 50 \u20ac<\/strong>.<\/li>\n<\/ul>\n\n\n\n<p class=\"wp-block-paragraph\"><strong>El pago se realizar\u00e1 antes del inicio de la sesi\u00f3n en met\u00e1lico<\/strong><\/p>\n\n\n\n<hr class=\"wp-block-separator has-alpha-channel-opacity\"\/>\n\n\n\n<h2 class=\"wp-block-heading\">Reserva tu plaza<\/h2>\n\n\n\n<p class=\"wp-block-paragraph\">Las plazas son limitadas para garantizar una experiencia de calidad.<br>Reserva ahora tu sesi\u00f3n y prep\u00e1rate para vivir un momento inolvidable con el felino m\u00e1s amenazado de Europa.<\/p>\n\n\n\n<p class=\"wp-block-paragraph\">\ud83d\udce9 Para m\u00e1s informaci\u00f3n o reservas:<br><strong><a>info@hidesdeltietar.com<\/a><\/strong><\/p>\n\n\n\n<p class=\"wp-block-paragraph\">Te presentamos nuestro exclusivo <strong>Hide de Lince Ib\u00e9rico<\/strong>, ubicado en un entorno privilegiado en las <\/p>\n\n\n\n<figure class=\"wp-block-image size-large\"><img loading=\"lazy\" decoding=\"async\" width=\"835\" height=\"668\" src=\"https:\/\/hidesdeltietar.com\/wp-content\/uploads\/2025\/06\/LINCE4-835x668.jpg\" alt=\"\" class=\"wp-image-2863\" srcset=\"https:\/\/hidesdeltietar.com\/wp-content\/uploads\/2025\/06\/LINCE4-835x668.jpg 835w, https:\/\/hidesdeltietar.com\/wp-content\/uploads\/2025\/06\/LINCE4-250x200.jpg 250w, https:\/\/hidesdeltietar.com\/wp-content\/uploads\/2025\/06\/LINCE4-768x615.jpg 768w, https:\/\/hidesdeltietar.com\/wp-content\/uploads\/2025\/06\/LINCE4-15x12.jpg 15w, https:\/\/hidesdeltietar.com\/wp-content\/uploads\/2025\/06\/LINCE4.jpg 862w\" sizes=\"auto, (max-width: 835px) 100vw, 835px\" \/><\/figure>\n\n\n\n<figure class=\"wp-block-image size-full\"><img loading=\"lazy\" decoding=\"async\" width=\"1500\" height=\"1500\" src=\"https:\/\/hidesdeltietar.com\/wp-content\/uploads\/2026\/03\/Z636583-Editar.jpg\" alt=\"\" class=\"wp-image-3235\"\/><\/figure>\n\n\n\n<figure class=\"wp-block-image size-full\"><img loading=\"lazy\" decoding=\"async\" width=\"1500\" height=\"1000\" src=\"https:\/\/hidesdeltietar.com\/wp-content\/uploads\/2026\/03\/Z636030-Editar.jpg\" alt=\"Hide de Lince HIDES DEL TI\u00c9TAR\" class=\"wp-image-3237\"\/><figcaption class=\"wp-element-caption\">Hide de Lince HIDES DEL TI\u00c9TAR<\/figcaption><\/figure>","protected":false},"excerpt":{"rendered":"<p>Hide de Lince Ib\u00e9rico (Lynx pardinus) en Pol\u00e1n (Toledo) Te presentamos nuestro exclusivo Hide de Lince Ib\u00e9rico, ubicado en un entorno privilegiado en las inmediaciones de Pol\u00e1n, Toledo, a tan solo 15 minutos de la ciudad y aproximadamente a 85 kil\u00f3metros (una hora) de Madrid. Un lugar \u00fanico para observar y fotografiar a uno de [&hellip;]<\/p>\n","protected":false},"author":1,"featured_media":0,"parent":0,"menu_order":0,"comment_status":"closed","ping_status":"closed","template":"","meta":{"_crdt_document":"","footnotes":""},"class_list":["post-2861","page","type-page","status-publish","hentry"],"yoast_head":"<!-- This site is optimized with the Yoast SEO plugin v27.5 - https:\/\/yoast.com\/product\/yoast-seo-wordpress\/ -->\n<title>HIDE DE LINCE IB\u00c9RICO -hides fotograf\u00eda<\/title>\n<meta name=\"description\" content=\"Hides fotograf\u00eda aves\" \/>\n<meta name=\"robots\" content=\"index, follow, max-snippet:-1, max-image-preview:large, max-video-preview:-1\" \/>\n<link rel=\"canonical\" href=\"https:\/\/hidesdeltietar.com\/en\/hide-de-lince-iberico\/\" \/>\n<meta property=\"og:locale\" content=\"en_GB\" \/>\n<meta property=\"og:type\" content=\"article\" \/>\n<meta property=\"og:title\" content=\"HIDE DE LINCE IB\u00c9RICO -hides fotograf\u00eda\" \/>\n<meta property=\"og:description\" content=\"Hides fotograf\u00eda aves\" \/>\n<meta property=\"og:url\" content=\"https:\/\/hidesdeltietar.com\/en\/hide-de-lince-iberico\/\" \/>\n<meta property=\"og:site_name\" content=\"Hides del Ti\u00e9tar\" \/>\n<meta property=\"article:modified_time\" content=\"2026-03-13T04:49:41+00:00\" \/>\n<meta property=\"og:image\" content=\"https:\/\/hidesdeltietar.com\/wp-content\/uploads\/2026\/03\/Z636869-Editar.jpg\" \/>\n\t<meta property=\"og:image:width\" content=\"445\" \/>\n\t<meta property=\"og:image:height\" content=\"668\" \/>\n\t<meta property=\"og:image:type\" content=\"image\/jpeg\" \/>\n<meta name=\"twitter:card\" content=\"summary_large_image\" \/>\n<meta name=\"twitter:label1\" content=\"Estimated reading time\" \/>\n\t<meta name=\"twitter:data1\" content=\"3 minutes\" \/>\n<script type=\"application\/ld+json\" class=\"yoast-schema-graph\">{\"@context\":\"https:\\\/\\\/schema.org\",\"@graph\":[{\"@type\":\"WebPage\",\"@id\":\"https:\\\/\\\/hidesdeltietar.com\\\/hide-de-lince-iberico\\\/\",\"url\":\"https:\\\/\\\/hidesdeltietar.com\\\/hide-de-lince-iberico\\\/\",\"name\":\"HIDE DE LINCE IB\u00c9RICO -hides fotograf\u00eda\",\"isPartOf\":{\"@id\":\"https:\\\/\\\/hidesdeltietar.com\\\/#website\"},\"primaryImageOfPage\":{\"@id\":\"https:\\\/\\\/hidesdeltietar.com\\\/hide-de-lince-iberico\\\/#primaryimage\"},\"image\":{\"@id\":\"https:\\\/\\\/hidesdeltietar.com\\\/hide-de-lince-iberico\\\/#primaryimage\"},\"thumbnailUrl\":\"https:\\\/\\\/hidesdeltietar.com\\\/wp-content\\\/uploads\\\/2026\\\/03\\\/Z636869-Editar.jpg\",\"datePublished\":\"2025-06-24T21:13:57+00:00\",\"dateModified\":\"2026-03-13T04:49:41+00:00\",\"description\":\"Hides fotograf\u00eda aves\",\"breadcrumb\":{\"@id\":\"https:\\\/\\\/hidesdeltietar.com\\\/hide-de-lince-iberico\\\/#breadcrumb\"},\"inLanguage\":\"en-GB\",\"potentialAction\":[{\"@type\":\"ReadAction\",\"target\":[\"https:\\\/\\\/hidesdeltietar.com\\\/hide-de-lince-iberico\\\/\"]}]},{\"@type\":\"ImageObject\",\"inLanguage\":\"en-GB\",\"@id\":\"https:\\\/\\\/hidesdeltietar.com\\\/hide-de-lince-iberico\\\/#primaryimage\",\"url\":\"https:\\\/\\\/hidesdeltietar.com\\\/wp-content\\\/uploads\\\/2026\\\/03\\\/Z636869-Editar.jpg\",\"contentUrl\":\"https:\\\/\\\/hidesdeltietar.com\\\/wp-content\\\/uploads\\\/2026\\\/03\\\/Z636869-Editar.jpg\"},{\"@type\":\"BreadcrumbList\",\"@id\":\"https:\\\/\\\/hidesdeltietar.com\\\/hide-de-lince-iberico\\\/#breadcrumb\",\"itemListElement\":[{\"@type\":\"ListItem\",\"position\":1,\"name\":\"Portada\",\"item\":\"https:\\\/\\\/hidesdeltietar.com\\\/\"},{\"@type\":\"ListItem\",\"position\":2,\"name\":\"HIDE DE LINCE IB\u00c9RICO\"}]},{\"@type\":\"WebSite\",\"@id\":\"https:\\\/\\\/hidesdeltietar.com\\\/#website\",\"url\":\"https:\\\/\\\/hidesdeltietar.com\\\/\",\"name\":\"Hides del Ti\u00e9tar\",\"description\":\"Hides fotograficos, fotografia de Fauna en Espa\u00f1a\",\"publisher\":{\"@id\":\"https:\\\/\\\/hidesdeltietar.com\\\/#\\\/schema\\\/person\\\/255bb2e69140f1ea0b5afd8ce546b35f\"},\"potentialAction\":[{\"@type\":\"SearchAction\",\"target\":{\"@type\":\"EntryPoint\",\"urlTemplate\":\"https:\\\/\\\/hidesdeltietar.com\\\/?s={search_term_string}\"},\"query-input\":{\"@type\":\"PropertyValueSpecification\",\"valueRequired\":true,\"valueName\":\"search_term_string\"}}],\"inLanguage\":\"en-GB\"},{\"@type\":[\"Person\",\"Organization\"],\"@id\":\"https:\\\/\\\/hidesdeltietar.com\\\/#\\\/schema\\\/person\\\/255bb2e69140f1ea0b5afd8ce546b35f\",\"name\":\"fsanchex\",\"image\":{\"@type\":\"ImageObject\",\"inLanguage\":\"en-GB\",\"@id\":\"https:\\\/\\\/hidesdeltietar.com\\\/wp-content\\\/uploads\\\/2017\\\/12\\\/Logo.png\",\"url\":\"https:\\\/\\\/hidesdeltietar.com\\\/wp-content\\\/uploads\\\/2017\\\/12\\\/Logo.png\",\"contentUrl\":\"https:\\\/\\\/hidesdeltietar.com\\\/wp-content\\\/uploads\\\/2017\\\/12\\\/Logo.png\",\"width\":3000,\"height\":2000,\"caption\":\"fsanchex\"},\"logo\":{\"@id\":\"https:\\\/\\\/hidesdeltietar.com\\\/wp-content\\\/uploads\\\/2017\\\/12\\\/Logo.png\"}}]}<\/script>\n<!-- \/ Yoast SEO plugin. -->","yoast_head_json":{"title":"HIDE DE LINCE IB\u00c9RICO -hides fotograf\u00eda","description":"Hides fotograf\u00eda aves","robots":{"index":"index","follow":"follow","max-snippet":"max-snippet:-1","max-image-preview":"max-image-preview:large","max-video-preview":"max-video-preview:-1"},"canonical":"https:\/\/hidesdeltietar.com\/en\/hide-de-lince-iberico\/","og_locale":"en_GB","og_type":"article","og_title":"HIDE DE LINCE IB\u00c9RICO -hides fotograf\u00eda","og_description":"Hides fotograf\u00eda aves","og_url":"https:\/\/hidesdeltietar.com\/en\/hide-de-lince-iberico\/","og_site_name":"Hides del Ti\u00e9tar","article_modified_time":"2026-03-13T04:49:41+00:00","og_image":[{"url":"https:\/\/hidesdeltietar.com\/wp-content\/uploads\/2026\/03\/Z636869-Editar.jpg","width":445,"height":668,"type":"image\/jpeg"}],"twitter_card":"summary_large_image","twitter_misc":{"Estimated reading time":"3 minutes"},"schema":{"@context":"https:\/\/schema.org","@graph":[{"@type":"WebPage","@id":"https:\/\/hidesdeltietar.com\/hide-de-lince-iberico\/","url":"https:\/\/hidesdeltietar.com\/hide-de-lince-iberico\/","name":"HIDE DE LINCE IB\u00c9RICO -hides fotograf\u00eda","isPartOf":{"@id":"https:\/\/hidesdeltietar.com\/#website"},"primaryImageOfPage":{"@id":"https:\/\/hidesdeltietar.com\/hide-de-lince-iberico\/#primaryimage"},"image":{"@id":"https:\/\/hidesdeltietar.com\/hide-de-lince-iberico\/#primaryimage"},"thumbnailUrl":"https:\/\/hidesdeltietar.com\/wp-content\/uploads\/2026\/03\/Z636869-Editar.jpg","datePublished":"2025-06-24T21:13:57+00:00","dateModified":"2026-03-13T04:49:41+00:00","description":"Hides fotograf\u00eda aves","breadcrumb":{"@id":"https:\/\/hidesdeltietar.com\/hide-de-lince-iberico\/#breadcrumb"},"inLanguage":"en-GB","potentialAction":[{"@type":"ReadAction","target":["https:\/\/hidesdeltietar.com\/hide-de-lince-iberico\/"]}]},{"@type":"ImageObject","inLanguage":"en-GB","@id":"https:\/\/hidesdeltietar.com\/hide-de-lince-iberico\/#primaryimage","url":"https:\/\/hidesdeltietar.com\/wp-content\/uploads\/2026\/03\/Z636869-Editar.jpg","contentUrl":"https:\/\/hidesdeltietar.com\/wp-content\/uploads\/2026\/03\/Z636869-Editar.jpg"},{"@type":"BreadcrumbList","@id":"https:\/\/hidesdeltietar.com\/hide-de-lince-iberico\/#breadcrumb","itemListElement":[{"@type":"ListItem","position":1,"name":"Portada","item":"https:\/\/hidesdeltietar.com\/"},{"@type":"ListItem","position":2,"name":"HIDE DE LINCE IB\u00c9RICO"}]},{"@type":"WebSite","@id":"https:\/\/hidesdeltietar.com\/#website","url":"https:\/\/hidesdeltietar.com\/","name":"Hides del Ti\u00e9tar","description":"Hides fotograficos, fotografia de Fauna en Espa\u00f1a","publisher":{"@id":"https:\/\/hidesdeltietar.com\/#\/schema\/person\/255bb2e69140f1ea0b5afd8ce546b35f"},"potentialAction":[{"@type":"SearchAction","target":{"@type":"EntryPoint","urlTemplate":"https:\/\/hidesdeltietar.com\/?s={search_term_string}"},"query-input":{"@type":"PropertyValueSpecification","valueRequired":true,"valueName":"search_term_string"}}],"inLanguage":"en-GB"},{"@type":["Person","Organization"],"@id":"https:\/\/hidesdeltietar.com\/#\/schema\/person\/255bb2e69140f1ea0b5afd8ce546b35f","name":"fsanchex","image":{"@type":"ImageObject","inLanguage":"en-GB","@id":"https:\/\/hidesdeltietar.com\/wp-content\/uploads\/2017\/12\/Logo.png","url":"https:\/\/hidesdeltietar.com\/wp-content\/uploads\/2017\/12\/Logo.png","contentUrl":"https:\/\/hidesdeltietar.com\/wp-content\/uploads\/2017\/12\/Logo.png","width":3000,"height":2000,"caption":"fsanchex"},"logo":{"@id":"https:\/\/hidesdeltietar.com\/wp-content\/uploads\/2017\/12\/Logo.png"}}]}},"_links":{"self":[{"href":"https:\/\/hidesdeltietar.com\/en\/wp-json\/wp\/v2\/pages\/2861","targetHints":{"allow":["GET"]}}],"collection":[{"href":"https:\/\/hidesdeltietar.com\/en\/wp-json\/wp\/v2\/pages"}],"about":[{"href":"https:\/\/hidesdeltietar.com\/en\/wp-json\/wp\/v2\/types\/page"}],"author":[{"embeddable":true,"href":"https:\/\/hidesdeltietar.com\/en\/wp-json\/wp\/v2\/users\/1"}],"replies":[{"embeddable":true,"href":"https:\/\/hidesdeltietar.com\/en\/wp-json\/wp\/v2\/comments?post=2861"}],"version-history":[{"count":5,"href":"https:\/\/hidesdeltietar.com\/en\/wp-json\/wp\/v2\/pages\/2861\/revisions"}],"predecessor-version":[{"id":3239,"href":"https:\/\/hidesdeltietar.com\/en\/wp-json\/wp\/v2\/pages\/2861\/revisions\/3239"}],"wp:attachment":[{"href":"https:\/\/hidesdeltietar.com\/en\/wp-json\/wp\/v2\/media?parent=2861"}],"curies":[{"name":"wp","href":"https:\/\/api.w.org\/{rel}","templated":true}]}}