{"id":209,"date":"2017-12-06T23:26:17","date_gmt":"2017-12-06T23:26:17","guid":{"rendered":"https:\/\/hidesdeltietar.com\/?page_id=209"},"modified":"2026-01-10T10:09:10","modified_gmt":"2026-01-10T10:09:10","slug":"hide-aguila-imperial-iberica","status":"publish","type":"page","link":"https:\/\/hidesdeltietar.com\/en\/hide-aguila-imperial-iberica\/","title":{"rendered":"Hide Spanish Imperial Eagle (Aquila adalberti)"},"content":{"rendered":"<section class=\"wpb_row bg-fixed\"><div class=\"container\"><div class=\"rows\"><div class=\"wpb_column vc_column_container one columns2\" ><div class=\"ak_column-inner\"><div class=\"wpb_wrapper\">\n\t<div class=\"wpb_text_column wpb_content_element\" >\n\t\t<div class=\"wpb_wrapper\">\n\t\t\t<h1><\/h1>\n<h2 data-start=\"271\" data-end=\"321\">Hide de Fotograf\u00eda de \u00c1guila Imperial Ib\u00e9rica<\/h2>\n<p data-start=\"322\" data-end=\"359\"><strong data-start=\"322\" data-end=\"342\">Aquila adalberti<\/strong><br data-start=\"342\" data-end=\"345\" \/><strong data-start=\"345\" data-end=\"359\">Available<\/strong><\/p>\n<p data-start=\"361\" data-end=\"643\">Una de las rapaces m\u00e1s emblem\u00e1ticas y dif\u00edciles de fotografiar de toda Europa, el <strong data-start=\"443\" data-end=\"470\">\u00c1guila Imperial Ib\u00e9rica<\/strong> es una especie <strong data-start=\"486\" data-end=\"522\">end\u00e9mica de la pen\u00ednsula ib\u00e9rica<\/strong> y su poblaci\u00f3n es muy limitada, por lo que fotografiarla en libertad es un verdadero privilegio al alcance de muy pocos.<\/p>\n<p data-start=\"645\" data-end=\"916\">Nuestro hide se encuentra <strong data-start=\"671\" data-end=\"700\">en la provincia de Toledo<\/strong>, en <strong data-start=\"705\" data-end=\"754\">pleno bosque mediterr\u00e1neo de encinas y robles<\/strong>, a tan solo <strong data-start=\"767\" data-end=\"800\">1 hora y 30 minutos de Madrid<\/strong>. Un entorno privilegiado donde disfrutar de la presencia de esta majestuosa ave en total respeto con la naturaleza.<\/p>\n<hr data-start=\"918\" data-end=\"921\" \/>\n<h3 data-start=\"923\" data-end=\"951\">Caracter\u00edsticas del Hide<\/h3>\n<ul data-start=\"953\" data-end=\"1326\">\n<li data-start=\"953\" data-end=\"1004\">\n<p data-start=\"955\" data-end=\"1004\">Perfectamente <strong data-start=\"969\" data-end=\"1004\">integrado en el entorno natural<\/strong><\/p>\n<\/li>\n<li data-start=\"1005\" data-end=\"1038\">\n<p data-start=\"1007\" data-end=\"1038\"><strong data-start=\"1007\" data-end=\"1038\">Capacidad para 2 fot\u00f3grafos<\/strong><\/p>\n<\/li>\n<li data-start=\"1039\" data-end=\"1071\">\n<p data-start=\"1041\" data-end=\"1071\">Equipado con <strong data-start=\"1054\" data-end=\"1071\">cristal esp\u00eda<\/strong><\/p>\n<\/li>\n<li data-start=\"1072\" data-end=\"1161\">\n<p data-start=\"1074\" data-end=\"1161\"><strong data-start=\"1074\" data-end=\"1096\">Posaderos cuidados<\/strong> con fondos homog\u00e9neos, sin distracciones y de colores agradables<\/p>\n<\/li>\n<li data-start=\"1162\" data-end=\"1210\">\n<p data-start=\"1164\" data-end=\"1210\">Construido en madera: <strong data-start=\"1186\" data-end=\"1210\">1,50 x 2,40 x 2,00 m<\/strong><\/p>\n<\/li>\n<li data-start=\"1211\" data-end=\"1235\">\n<p data-start=\"1213\" data-end=\"1235\"><strong data-start=\"1213\" data-end=\"1235\">Cobertura m\u00f3vil 4G<\/strong><\/p>\n<\/li>\n<li data-start=\"1236\" data-end=\"1282\">\n<p data-start=\"1238\" data-end=\"1282\">Sesiones de <strong data-start=\"1250\" data-end=\"1263\">medio d\u00eda<\/strong> o <strong data-start=\"1266\" data-end=\"1282\">d\u00eda completo<\/strong><\/p>\n<\/li>\n<li data-start=\"1283\" data-end=\"1326\">\n<p data-start=\"1285\" data-end=\"1326\"><strong data-start=\"1285\" data-end=\"1312\">Incluye traslado en 4&#215;4<\/strong> hasta el hide<\/p>\n<\/li>\n<\/ul>\n<hr data-start=\"1328\" data-end=\"1331\" \/>\n<h3 data-start=\"1333\" data-end=\"1367\">Especies que pueden observarse<\/h3>\n<ul data-start=\"1369\" data-end=\"1837\">\n<li data-start=\"1369\" data-end=\"1417\">\n<p data-start=\"1371\" data-end=\"1417\">\u00c1guila Imperial Ib\u00e9rica (<em data-start=\"1396\" data-end=\"1414\">Aquila adalberti<\/em>)<\/p>\n<\/li>\n<li data-start=\"1418\" data-end=\"1456\">\n<p data-start=\"1420\" data-end=\"1456\">Buitre negro (<em data-start=\"1434\" data-end=\"1453\">Aegypius monachus<\/em>)<\/p>\n<\/li>\n<li data-start=\"1457\" data-end=\"1491\">\n<p data-start=\"1459\" data-end=\"1491\">Buitre leonado (<em data-start=\"1475\" data-end=\"1488\">Gyps fulvus<\/em>)<\/p>\n<\/li>\n<li data-start=\"1492\" data-end=\"1528\">\n<p data-start=\"1494\" data-end=\"1528\">Busardo ratonero (<em data-start=\"1512\" data-end=\"1525\">Buteo buteo<\/em>)<\/p>\n<\/li>\n<li data-start=\"1529\" data-end=\"1562\">\n<p data-start=\"1531\" data-end=\"1562\">Milano real (<em data-start=\"1544\" data-end=\"1559\">Milvus milvus<\/em>)<\/p>\n<\/li>\n<li data-start=\"1563\" data-end=\"1598\">\n<p data-start=\"1565\" data-end=\"1598\">Milano negro (<em data-start=\"1579\" data-end=\"1595\">Milvus migrans<\/em>)<\/p>\n<\/li>\n<li data-start=\"1599\" data-end=\"1626\">\n<p data-start=\"1601\" data-end=\"1626\">Cuervo (<em data-start=\"1609\" data-end=\"1623\">Corvus corax<\/em>)<\/p>\n<\/li>\n<li data-start=\"1627\" data-end=\"1651\">\n<p data-start=\"1629\" data-end=\"1651\">Urraca (<em data-start=\"1637\" data-end=\"1648\">Pica pica<\/em>)<\/p>\n<\/li>\n<li data-start=\"1652\" data-end=\"1693\">\n<p data-start=\"1654\" data-end=\"1693\">Rabilargo ib\u00e9rico (<em data-start=\"1673\" data-end=\"1690\">Cyanopica cooki<\/em>)<\/p>\n<\/li>\n<li data-start=\"1694\" data-end=\"1727\">\n<p data-start=\"1696\" data-end=\"1727\">Mirlo com\u00fan (<em data-start=\"1709\" data-end=\"1724\">Turdus merula<\/em>)<\/p>\n<\/li>\n<li data-start=\"1728\" data-end=\"1767\">\n<p data-start=\"1730\" data-end=\"1767\">Lavandera blanca (<em data-start=\"1748\" data-end=\"1764\">Motacilla alba<\/em>)<\/p>\n<\/li>\n<li data-start=\"1768\" data-end=\"1811\">\n<p data-start=\"1770\" data-end=\"1811\">Estornino unicolor (<em data-start=\"1790\" data-end=\"1808\">Sturnus unicolor<\/em>)<\/p>\n<\/li>\n<li data-start=\"1812\" data-end=\"1827\">\n<p data-start=\"1814\" data-end=\"1827\">Egyptian Mongoose<\/p>\n<\/li>\n<li data-start=\"1828\" data-end=\"1837\">\n<p data-start=\"1830\" data-end=\"1837\">Zorro<\/p>\n<\/li>\n<\/ul>\n<hr data-start=\"1839\" data-end=\"1842\" \/>\n<h3 data-start=\"1844\" data-end=\"1883\">Recomendaciones para los fot\u00f3grafos<\/h3>\n<ul data-start=\"1885\" data-end=\"1986\">\n<li data-start=\"1885\" data-end=\"1928\">\n<p data-start=\"1887\" data-end=\"1928\">Vestimenta en colores oscuros o neutros<\/p>\n<\/li>\n<li data-start=\"1929\" data-end=\"1951\">\n<p data-start=\"1931\" data-end=\"1951\">Speak in a low voice.<\/p>\n<\/li>\n<li data-start=\"1952\" data-end=\"1986\">\n<p data-start=\"1954\" data-end=\"1986\">Evitar cualquier tipo de ruido<\/p>\n<\/li>\n<\/ul>\n<hr data-start=\"1988\" data-end=\"1991\" \/>\n<h3 data-start=\"1993\" data-end=\"2003\">Price<\/h3>\n<ul data-start=\"2005\" data-end=\"2071\">\n<li data-start=\"2005\" data-end=\"2031\">\n<p data-start=\"2007\" data-end=\"2031\"><strong data-start=\"2007\" data-end=\"2022\">1 fot\u00f3grafo<\/strong>: 135 \u20ac<\/p>\n<\/li>\n<li data-start=\"2032\" data-end=\"2071\">\n<p data-start=\"2034\" data-end=\"2071\"><strong data-start=\"2034\" data-end=\"2050\">2 fot\u00f3grafos<\/strong>: 120 \u20ac por persona<\/p>\n<\/li>\n<\/ul>\n<blockquote data-start=\"2073\" data-end=\"2128\">\n<p data-start=\"2075\" data-end=\"2128\">El <strong data-start=\"2078\" data-end=\"2109\">pago se realiza en efectivo<\/strong> al llegar al hide.<\/p>\n<\/blockquote>\n<hr data-start=\"2130\" data-end=\"2133\" \/>\n<h3 data-start=\"2135\" data-end=\"2157\">Normas importantes<\/h3>\n<ul data-start=\"2159\" data-end=\"2321\">\n<li data-start=\"2159\" data-end=\"2231\">\n<p data-start=\"2161\" data-end=\"2231\"><strong data-start=\"2161\" data-end=\"2210\">Est\u00e1 terminantemente prohibido salir del hide<\/strong> durante la sesi\u00f3n.<\/p>\n<\/li>\n<li data-start=\"2232\" data-end=\"2321\">\n<p data-start=\"2234\" data-end=\"2321\">En caso de necesitar\u00a0 interrumpir la sesi\u00f3n, <strong data-start=\"2271\" data-end=\"2318\">deber\u00e1 contactarse por tel\u00e9fono con el gu\u00eda<\/strong>.<\/p>\n<\/li>\n<li data-start=\"2232\" data-end=\"2321\">La sesi\u00f3n se puede repetir de forma gratuita en un plazo de dos meses si el <strong>\u00c1guila Imperial no entra<\/strong>; pasado ese plazo, cualquier nueva sesi\u00f3n se cobrar\u00e1 al precio normal.<\/li>\n<\/ul>\n<hr data-start=\"2323\" data-end=\"2326\" \/>\n<p data-start=\"2328\" data-end=\"2497\">Si quieres vivir la emoci\u00f3n de fotografiar a una de las rapaces m\u00e1s exclusivas del mundo, en un entorno privilegiado y con todas las comodidades, este hide es para ti.<\/p>\n<p data-start=\"2499\" data-end=\"2558\"><strong data-start=\"2499\" data-end=\"2558\">Reserva ya tu plaza y vive una experiencia inolvidable.<\/strong><\/p>\n<h1><\/h1>\n<p><a href=\"https:\/\/hidesdeltietar.com\/en\/contacto\/\" target=\"_blank\" rel=\"noopener noreferrer\">Contact form<\/a><\/p>\n<p>. Tel\u00e9fono: +34 608 777 042<\/p>\n\n\t\t<\/div>\n\t<\/div>\n\n\t<div class=\"wpb_video_widget wpb_content_element vc_clearfix   vc_video-aspect-ratio-169 vc_video-el-width-100 vc_video-align-center\" >\n\t\t<div class=\"wpb_wrapper\">\n\t\t\t<h2 class=\"wpb_heading wpb_video_heading\">Video Imperial<\/h2>\n\t\t\t<div class=\"wpb_video_wrapper\"><iframe loading=\"lazy\" title=\"\u00c1guila Imperial HIDES DEL TI\u00c9TAR\" width=\"500\" height=\"281\" src=\"https:\/\/www.youtube.com\/embed\/0QcKINU5Bd0?feature=oembed\" frameborder=\"0\" allow=\"accelerometer; autoplay; clipboard-write; encrypted-media; gyroscope; picture-in-picture; web-share\" referrerpolicy=\"strict-origin-when-cross-origin\" allowfullscreen><\/iframe><\/div>\n\t\t<\/div>\n\t<\/div>\n\n<div class=\"vc_grid-container-wrapper vc_clearfix vc_grid-animation-zoomIn\">\n\t<div class=\"vc_grid-container vc_clearfix wpb_content_element vc_masonry_media_grid\" data-initial-loading-animation=\"zoomIn\" data-vc-grid-settings=\"{&quot;page_id&quot;:209,&quot;style&quot;:&quot;all-masonry&quot;,&quot;action&quot;:&quot;vc_get_vc_grid_data&quot;,&quot;shortcode_id&quot;:&quot;1768039228660-d7391c47-7254-2&quot;,&quot;tag&quot;:&quot;vc_masonry_media_grid&quot;}\" data-vc-request=\"https:\/\/hidesdeltietar.com\/wp-admin\/admin-ajax.php\" data-vc-post-id=\"209\" data-vc-public-nonce=\"eeb0d6fa30\">\n\t\t\n\t<\/div>\n<\/div><div class=\"vc_btn3-container vc_btn3-inline vc_do_btn\" ><a class=\"vc_general vc_btn3 vc_btn3-size-md vc_btn3-shape-rounded vc_btn3-style-modern vc_btn3-icon-left vc_btn3-color-primary\" href=\"https:\/\/t.me\/joinchat\/zO_RCG35JaY1YmM8\" title=\"\"><i class=\"vc_btn3-icon fab fa-telegram\"><\/i> For more information follow our group of TELEGRAM<\/a><\/div><div class=\"vc_btn3-container vc_btn3-inline vc_do_btn\" ><a class=\"vc_general vc_btn3 vc_btn3-size-md vc_btn3-shape-rounded vc_btn3-style-modern vc_btn3-icon-left vc_btn3-color-juicy-pink\" href=\"https:\/\/www.instagram.com\/hidesdeltietar\/?hl=es\" title=\"Siguenos en INTAGRAM\" target=\"_blank\"><i class=\"vc_btn3-icon fa fa-brands fa-instagram\"><\/i> iNSTAGRAM<\/a><\/div><\/div><\/div><\/div><\/div><\/div><\/section><section class=\"wpb_row bg-fixed\"><div class=\"container\"><div class=\"rows\"><div class=\"wpb_column vc_column_container one columns2\" ><div class=\"ak_column-inner\"><div class=\"wpb_wrapper\"><\/div><\/div><\/div><\/div><\/div><\/section><section class=\"wpb_row bg-fixed\"><div class=\"container\"><div class=\"rows\"><div class=\"wpb_column vc_column_container one columns2\" ><div class=\"ak_column-inner\"><div class=\"wpb_wrapper\"><\/div><\/div><\/div><\/div><\/div><\/section>","protected":false},"excerpt":{"rendered":"Hide de Fotograf\u00eda de \u00c1guila Imperial Ib\u00e9rica Aquila adalbertiDisponible Una de las rapaces m\u00e1s emblem\u00e1ticas y dif\u00edciles de fotografiar de toda Europa, el \u00c1guila Imperial Ib\u00e9rica es una especie end\u00e9mica de la pen\u00ednsula ib\u00e9rica y su poblaci\u00f3n es muy limitada, por lo que fotografiarla en libertad es un verdadero privilegio al alcance de muy pocos. [...]","protected":false},"author":1,"featured_media":2456,"parent":0,"menu_order":0,"comment_status":"closed","ping_status":"closed","template":"page-templates\/template-fullwidth.php","meta":{"_crdt_document":"","footnotes":""},"class_list":["post-209","page","type-page","status-publish","has-post-thumbnail","hentry"],"yoast_head":"<!-- This site is optimized with the Yoast SEO plugin v27.5 - https:\/\/yoast.com\/product\/yoast-seo-wordpress\/ -->\n<title>Hide \u00c1guila Imperial ib\u00e9rica (Aquila adalberti) Hide de Imperial<\/title>\n<meta name=\"description\" content=\"\ud83e\udd85Hide \u00c1guila Imperial Ib\u00e9rica, Aquila Adalberti (Spanich imperial eagle) Fotofraf\u00eda de aves.\ud83e\udd85\" \/>\n<meta name=\"robots\" content=\"index, follow, max-snippet:-1, max-image-preview:large, max-video-preview:-1\" \/>\n<link rel=\"canonical\" href=\"https:\/\/hidesdeltietar.com\/en\/hide-aguila-imperial-iberica\/\" \/>\n<meta property=\"og:locale\" content=\"en_GB\" \/>\n<meta property=\"og:type\" content=\"article\" \/>\n<meta property=\"og:title\" content=\"Hide \u00c1guila Imperial ib\u00e9rica (Aquila adalberti) Hide de Imperial\" \/>\n<meta property=\"og:description\" content=\"\ud83e\udd85Hide \u00c1guila Imperial Ib\u00e9rica, Aquila Adalberti (Spanich imperial eagle) Fotofraf\u00eda de aves.\ud83e\udd85\" \/>\n<meta property=\"og:url\" content=\"https:\/\/hidesdeltietar.com\/en\/hide-aguila-imperial-iberica\/\" \/>\n<meta property=\"og:site_name\" content=\"Hides del Ti\u00e9tar\" \/>\n<meta property=\"article:modified_time\" content=\"2026-01-10T10:09:10+00:00\" \/>\n<meta property=\"og:image\" content=\"https:\/\/hidesdeltietar.com\/wp-content\/uploads\/2023\/05\/FER9494-copia.jpg\" \/>\n\t<meta property=\"og:image:width\" content=\"1200\" \/>\n\t<meta property=\"og:image:height\" content=\"801\" \/>\n\t<meta property=\"og:image:type\" content=\"image\/jpeg\" \/>\n<meta name=\"twitter:card\" content=\"summary_large_image\" \/>\n<meta name=\"twitter:label1\" content=\"Estimated reading time\" \/>\n\t<meta name=\"twitter:data1\" content=\"2 minutes\" \/>\n<script type=\"application\/ld+json\" class=\"yoast-schema-graph\">{\"@context\":\"https:\\\/\\\/schema.org\",\"@graph\":[{\"@type\":\"WebPage\",\"@id\":\"https:\\\/\\\/hidesdeltietar.com\\\/hide-aguila-imperial-iberica\\\/\",\"url\":\"https:\\\/\\\/hidesdeltietar.com\\\/hide-aguila-imperial-iberica\\\/\",\"name\":\"Hide \u00c1guila Imperial ib\u00e9rica (Aquila adalberti) Hide de Imperial\",\"isPartOf\":{\"@id\":\"https:\\\/\\\/hidesdeltietar.com\\\/#website\"},\"primaryImageOfPage\":{\"@id\":\"https:\\\/\\\/hidesdeltietar.com\\\/hide-aguila-imperial-iberica\\\/#primaryimage\"},\"image\":{\"@id\":\"https:\\\/\\\/hidesdeltietar.com\\\/hide-aguila-imperial-iberica\\\/#primaryimage\"},\"thumbnailUrl\":\"https:\\\/\\\/hidesdeltietar.com\\\/wp-content\\\/uploads\\\/2023\\\/05\\\/FER9494-copia.jpg\",\"datePublished\":\"2017-12-06T23:26:17+00:00\",\"dateModified\":\"2026-01-10T10:09:10+00:00\",\"description\":\"\ud83e\udd85Hide \u00c1guila Imperial Ib\u00e9rica, Aquila Adalberti (Spanich imperial eagle) Fotofraf\u00eda de aves.\ud83e\udd85\",\"breadcrumb\":{\"@id\":\"https:\\\/\\\/hidesdeltietar.com\\\/hide-aguila-imperial-iberica\\\/#breadcrumb\"},\"inLanguage\":\"en-GB\",\"potentialAction\":[{\"@type\":\"ReadAction\",\"target\":[\"https:\\\/\\\/hidesdeltietar.com\\\/hide-aguila-imperial-iberica\\\/\"]}]},{\"@type\":\"ImageObject\",\"inLanguage\":\"en-GB\",\"@id\":\"https:\\\/\\\/hidesdeltietar.com\\\/hide-aguila-imperial-iberica\\\/#primaryimage\",\"url\":\"https:\\\/\\\/hidesdeltietar.com\\\/wp-content\\\/uploads\\\/2023\\\/05\\\/FER9494-copia.jpg\",\"contentUrl\":\"https:\\\/\\\/hidesdeltietar.com\\\/wp-content\\\/uploads\\\/2023\\\/05\\\/FER9494-copia.jpg\",\"width\":1200,\"height\":801,\"caption\":\"Aguila Imperial In\u00e9rica (Aquila adalberti) Hides del Ti\u00e9tar\"},{\"@type\":\"BreadcrumbList\",\"@id\":\"https:\\\/\\\/hidesdeltietar.com\\\/hide-aguila-imperial-iberica\\\/#breadcrumb\",\"itemListElement\":[{\"@type\":\"ListItem\",\"position\":1,\"name\":\"Portada\",\"item\":\"https:\\\/\\\/hidesdeltietar.com\\\/\"},{\"@type\":\"ListItem\",\"position\":2,\"name\":\"Hide \u00c1guila Imperial ib\u00e9rica (Aquila adalberti)\"}]},{\"@type\":\"WebSite\",\"@id\":\"https:\\\/\\\/hidesdeltietar.com\\\/#website\",\"url\":\"https:\\\/\\\/hidesdeltietar.com\\\/\",\"name\":\"Hides del Ti\u00e9tar\",\"description\":\"Hides fotograficos, fotografia de Fauna en Espa\u00f1a\",\"publisher\":{\"@id\":\"https:\\\/\\\/hidesdeltietar.com\\\/#\\\/schema\\\/person\\\/255bb2e69140f1ea0b5afd8ce546b35f\"},\"potentialAction\":[{\"@type\":\"SearchAction\",\"target\":{\"@type\":\"EntryPoint\",\"urlTemplate\":\"https:\\\/\\\/hidesdeltietar.com\\\/?s={search_term_string}\"},\"query-input\":{\"@type\":\"PropertyValueSpecification\",\"valueRequired\":true,\"valueName\":\"search_term_string\"}}],\"inLanguage\":\"en-GB\"},{\"@type\":[\"Person\",\"Organization\"],\"@id\":\"https:\\\/\\\/hidesdeltietar.com\\\/#\\\/schema\\\/person\\\/255bb2e69140f1ea0b5afd8ce546b35f\",\"name\":\"fsanchex\",\"image\":{\"@type\":\"ImageObject\",\"inLanguage\":\"en-GB\",\"@id\":\"https:\\\/\\\/hidesdeltietar.com\\\/wp-content\\\/uploads\\\/2017\\\/12\\\/Logo.png\",\"url\":\"https:\\\/\\\/hidesdeltietar.com\\\/wp-content\\\/uploads\\\/2017\\\/12\\\/Logo.png\",\"contentUrl\":\"https:\\\/\\\/hidesdeltietar.com\\\/wp-content\\\/uploads\\\/2017\\\/12\\\/Logo.png\",\"width\":3000,\"height\":2000,\"caption\":\"fsanchex\"},\"logo\":{\"@id\":\"https:\\\/\\\/hidesdeltietar.com\\\/wp-content\\\/uploads\\\/2017\\\/12\\\/Logo.png\"}}]}<\/script>\n<!-- \/ Yoast SEO plugin. -->","yoast_head_json":{"title":"Hide \u00c1guila Imperial ib\u00e9rica (Aquila adalberti) Hide de Imperial","description":"\ud83e\udd85Hide \u00c1guila Imperial Ib\u00e9rica, Aquila Adalberti (Spanich imperial eagle) Fotofraf\u00eda de aves.\ud83e\udd85","robots":{"index":"index","follow":"follow","max-snippet":"max-snippet:-1","max-image-preview":"max-image-preview:large","max-video-preview":"max-video-preview:-1"},"canonical":"https:\/\/hidesdeltietar.com\/en\/hide-aguila-imperial-iberica\/","og_locale":"en_GB","og_type":"article","og_title":"Hide \u00c1guila Imperial ib\u00e9rica (Aquila adalberti) Hide de Imperial","og_description":"\ud83e\udd85Hide \u00c1guila Imperial Ib\u00e9rica, Aquila Adalberti (Spanich imperial eagle) Fotofraf\u00eda de aves.\ud83e\udd85","og_url":"https:\/\/hidesdeltietar.com\/en\/hide-aguila-imperial-iberica\/","og_site_name":"Hides del Ti\u00e9tar","article_modified_time":"2026-01-10T10:09:10+00:00","og_image":[{"width":1200,"height":801,"url":"https:\/\/hidesdeltietar.com\/wp-content\/uploads\/2023\/05\/FER9494-copia.jpg","type":"image\/jpeg"}],"twitter_card":"summary_large_image","twitter_misc":{"Estimated reading time":"2 minutes"},"schema":{"@context":"https:\/\/schema.org","@graph":[{"@type":"WebPage","@id":"https:\/\/hidesdeltietar.com\/hide-aguila-imperial-iberica\/","url":"https:\/\/hidesdeltietar.com\/hide-aguila-imperial-iberica\/","name":"Hide \u00c1guila Imperial ib\u00e9rica (Aquila adalberti) Hide de Imperial","isPartOf":{"@id":"https:\/\/hidesdeltietar.com\/#website"},"primaryImageOfPage":{"@id":"https:\/\/hidesdeltietar.com\/hide-aguila-imperial-iberica\/#primaryimage"},"image":{"@id":"https:\/\/hidesdeltietar.com\/hide-aguila-imperial-iberica\/#primaryimage"},"thumbnailUrl":"https:\/\/hidesdeltietar.com\/wp-content\/uploads\/2023\/05\/FER9494-copia.jpg","datePublished":"2017-12-06T23:26:17+00:00","dateModified":"2026-01-10T10:09:10+00:00","description":"\ud83e\udd85Hide \u00c1guila Imperial Ib\u00e9rica, Aquila Adalberti (Spanich imperial eagle) Fotofraf\u00eda de aves.\ud83e\udd85","breadcrumb":{"@id":"https:\/\/hidesdeltietar.com\/hide-aguila-imperial-iberica\/#breadcrumb"},"inLanguage":"en-GB","potentialAction":[{"@type":"ReadAction","target":["https:\/\/hidesdeltietar.com\/hide-aguila-imperial-iberica\/"]}]},{"@type":"ImageObject","inLanguage":"en-GB","@id":"https:\/\/hidesdeltietar.com\/hide-aguila-imperial-iberica\/#primaryimage","url":"https:\/\/hidesdeltietar.com\/wp-content\/uploads\/2023\/05\/FER9494-copia.jpg","contentUrl":"https:\/\/hidesdeltietar.com\/wp-content\/uploads\/2023\/05\/FER9494-copia.jpg","width":1200,"height":801,"caption":"Aguila Imperial In\u00e9rica (Aquila adalberti) Hides del Ti\u00e9tar"},{"@type":"BreadcrumbList","@id":"https:\/\/hidesdeltietar.com\/hide-aguila-imperial-iberica\/#breadcrumb","itemListElement":[{"@type":"ListItem","position":1,"name":"Portada","item":"https:\/\/hidesdeltietar.com\/"},{"@type":"ListItem","position":2,"name":"Hide \u00c1guila Imperial ib\u00e9rica (Aquila adalberti)"}]},{"@type":"WebSite","@id":"https:\/\/hidesdeltietar.com\/#website","url":"https:\/\/hidesdeltietar.com\/","name":"Hides del Ti\u00e9tar","description":"Hides fotograficos, fotografia de Fauna en Espa\u00f1a","publisher":{"@id":"https:\/\/hidesdeltietar.com\/#\/schema\/person\/255bb2e69140f1ea0b5afd8ce546b35f"},"potentialAction":[{"@type":"SearchAction","target":{"@type":"EntryPoint","urlTemplate":"https:\/\/hidesdeltietar.com\/?s={search_term_string}"},"query-input":{"@type":"PropertyValueSpecification","valueRequired":true,"valueName":"search_term_string"}}],"inLanguage":"en-GB"},{"@type":["Person","Organization"],"@id":"https:\/\/hidesdeltietar.com\/#\/schema\/person\/255bb2e69140f1ea0b5afd8ce546b35f","name":"fsanchex","image":{"@type":"ImageObject","inLanguage":"en-GB","@id":"https:\/\/hidesdeltietar.com\/wp-content\/uploads\/2017\/12\/Logo.png","url":"https:\/\/hidesdeltietar.com\/wp-content\/uploads\/2017\/12\/Logo.png","contentUrl":"https:\/\/hidesdeltietar.com\/wp-content\/uploads\/2017\/12\/Logo.png","width":3000,"height":2000,"caption":"fsanchex"},"logo":{"@id":"https:\/\/hidesdeltietar.com\/wp-content\/uploads\/2017\/12\/Logo.png"}}]}},"_links":{"self":[{"href":"https:\/\/hidesdeltietar.com\/en\/wp-json\/wp\/v2\/pages\/209","targetHints":{"allow":["GET"]}}],"collection":[{"href":"https:\/\/hidesdeltietar.com\/en\/wp-json\/wp\/v2\/pages"}],"about":[{"href":"https:\/\/hidesdeltietar.com\/en\/wp-json\/wp\/v2\/types\/page"}],"author":[{"embeddable":true,"href":"https:\/\/hidesdeltietar.com\/en\/wp-json\/wp\/v2\/users\/1"}],"replies":[{"embeddable":true,"href":"https:\/\/hidesdeltietar.com\/en\/wp-json\/wp\/v2\/comments?post=209"}],"version-history":[{"count":59,"href":"https:\/\/hidesdeltietar.com\/en\/wp-json\/wp\/v2\/pages\/209\/revisions"}],"predecessor-version":[{"id":3039,"href":"https:\/\/hidesdeltietar.com\/en\/wp-json\/wp\/v2\/pages\/209\/revisions\/3039"}],"wp:featuredmedia":[{"embeddable":true,"href":"https:\/\/hidesdeltietar.com\/en\/wp-json\/wp\/v2\/media\/2456"}],"wp:attachment":[{"href":"https:\/\/hidesdeltietar.com\/en\/wp-json\/wp\/v2\/media?parent=209"}],"curies":[{"name":"wp","href":"https:\/\/api.w.org\/{rel}","templated":true}]}}