{"id":1336,"date":"2020-09-15T04:21:43","date_gmt":"2020-09-15T04:21:43","guid":{"rendered":"https:\/\/hidesdeltietar.com\/?page_id=1336"},"modified":"2026-03-21T18:51:08","modified_gmt":"2026-03-21T18:51:08","slug":"talleres-2021","status":"publish","type":"page","link":"https:\/\/hidesdeltietar.com\/en\/talleres-2021\/","title":{"rendered":"Actividades 2026"},"content":{"rendered":"<p class=\"wp-block-paragraph\">Aqu\u00ed encontraras las diferentes actividades y taller organizados que iremos anunciando a lo largo del a\u00f1o 2026<\/p>\n\n\n\n<h2 class=\"wp-block-heading\"><\/h2>\n\n\n\n<figure class=\"wp-block-image size-large\"><img loading=\"lazy\" decoding=\"async\" width=\"534\" height=\"668\" src=\"https:\/\/hidesdeltietar.com\/wp-content\/uploads\/2026\/03\/CARTEL-1-534x668.jpg\" alt=\"\" class=\"wp-image-3295\" srcset=\"https:\/\/hidesdeltietar.com\/wp-content\/uploads\/2026\/03\/CARTEL-1-534x668.jpg 534w, https:\/\/hidesdeltietar.com\/wp-content\/uploads\/2026\/03\/CARTEL-1-160x200.jpg 160w, https:\/\/hidesdeltietar.com\/wp-content\/uploads\/2026\/03\/CARTEL-1-768x960.jpg 768w, https:\/\/hidesdeltietar.com\/wp-content\/uploads\/2026\/03\/CARTEL-1-10x12.jpg 10w, https:\/\/hidesdeltietar.com\/wp-content\/uploads\/2026\/03\/CARTEL-1.jpg 1080w\" sizes=\"auto, (max-width: 534px) 100vw, 534px\" \/><\/figure>\n\n\n\n<h2 class=\"wp-block-heading\"><\/h2>\n\n\n\n<p class=\"wp-block-paragraph\"><\/p>\n\n\n\n<h2 class=\"wp-block-heading\"><a href=\"https:\/\/hidesdeltietar.com\/en\/expedicion-cetaceos\/\">Expedici\u00f3n fotograf\u00eda de Orcas 2026<\/a><\/h2>\n\n\n\n<p class=\"wp-block-paragraph\"><\/p>\n\n\n\n<figure class=\"wp-block-image size-large\"><a href=\"https:\/\/hidesdeltietar.com\/en\/expedicion-cetaceos\/\"><img loading=\"lazy\" decoding=\"async\" width=\"445\" height=\"668\" src=\"https:\/\/hidesdeltietar.com\/wp-content\/uploads\/2026\/01\/ChatGPT-Image-23-ene-2026-06_36_50-445x668.png\" alt=\"\" class=\"wp-image-3072\" srcset=\"https:\/\/hidesdeltietar.com\/wp-content\/uploads\/2026\/01\/ChatGPT-Image-23-ene-2026-06_36_50-445x668.png 445w, https:\/\/hidesdeltietar.com\/wp-content\/uploads\/2026\/01\/ChatGPT-Image-23-ene-2026-06_36_50-133x200.png 133w, https:\/\/hidesdeltietar.com\/wp-content\/uploads\/2026\/01\/ChatGPT-Image-23-ene-2026-06_36_50-768x1152.png 768w, https:\/\/hidesdeltietar.com\/wp-content\/uploads\/2026\/01\/ChatGPT-Image-23-ene-2026-06_36_50-8x12.png 8w, https:\/\/hidesdeltietar.com\/wp-content\/uploads\/2026\/01\/ChatGPT-Image-23-ene-2026-06_36_50.png 1024w\" sizes=\"auto, (max-width: 445px) 100vw, 445px\" \/><\/a><\/figure>\n\n\n\n<hr class=\"wp-block-separator has-alpha-channel-opacity\"\/>\n\n\n\n<p class=\"wp-block-paragraph\"><\/p>\n\n\n\n<p class=\"wp-block-paragraph\"><\/p>\n\n\n\n<p class=\"wp-block-paragraph\"><\/p>\n\n\n\n<p class=\"wp-block-paragraph\"><\/p>\n\n\n\n<p class=\"wp-block-paragraph\"><\/p>\n\n\n\n<p class=\"wp-block-paragraph\"><\/p>\n\n\n\n<p class=\"wp-block-paragraph\"><\/p>\n\n\n\n<h2 class=\"wp-block-heading\"><a href=\"https:\/\/hidesdeltietar.com\/en\/taller-alta-velocidad-con-estelas\/\">Taller fotograf\u00eda de rapaces con estelas 2026<\/a><\/h2>\n\n\n\n<hr class=\"wp-block-separator has-alpha-channel-opacity\"\/>\n\n\n\n<figure class=\"wp-block-video\"><video height=\"464\" style=\"aspect-ratio: 688 \/ 464;\" width=\"688\" controls poster=\"https:\/\/hidesdeltietar.com\/wp-content\/uploads\/2026\/01\/grok-video-768efd86-5a9e-49e0-a6dd-84dffe42ca9b-1-mp4-image.jpg\" src=\"https:\/\/hidesdeltietar.com\/wp-content\/uploads\/2026\/01\/grok-video-768efd86-5a9e-49e0-a6dd-84dffe42ca9b-1.mp4\"><\/video><\/figure>\n\n\n\n<hr class=\"wp-block-separator has-alpha-channel-opacity\"\/>\n\n\n\n<hr class=\"wp-block-separator has-alpha-channel-opacity\"\/>\n\n\n\n<hr class=\"wp-block-separator has-alpha-channel-opacity\"\/>\n\n\n\n<hr class=\"wp-block-separator has-alpha-channel-opacity\"\/>\n\n\n\n<hr class=\"wp-block-separator has-alpha-channel-opacity\"\/>\n\n\n\n<h2 class=\"wp-block-heading\"><a href=\"https:\/\/hidesdeltietar.com\/en\/taller-quebrantahuesos\/\">Taller de Quebrantahuesos en Pirineo  10 al 12 y del 12 al 14 de 2026<\/a><\/h2>\n\n\n\n<figure class=\"wp-block-image size-large\"><a href=\"https:\/\/hidesdeltietar.com\/en\/taller-quebrantahuesos\/\"><img loading=\"lazy\" decoding=\"async\" width=\"445\" height=\"668\" src=\"https:\/\/hidesdeltietar.com\/wp-content\/uploads\/2026\/02\/photo_2026-02-03_21-31-21-copia-445x668.jpg\" alt=\"\" class=\"wp-image-3103\" srcset=\"https:\/\/hidesdeltietar.com\/wp-content\/uploads\/2026\/02\/photo_2026-02-03_21-31-21-copia-445x668.jpg 445w, https:\/\/hidesdeltietar.com\/wp-content\/uploads\/2026\/02\/photo_2026-02-03_21-31-21-copia-133x200.jpg 133w, https:\/\/hidesdeltietar.com\/wp-content\/uploads\/2026\/02\/photo_2026-02-03_21-31-21-copia-768x1152.jpg 768w, https:\/\/hidesdeltietar.com\/wp-content\/uploads\/2026\/02\/photo_2026-02-03_21-31-21-copia-8x12.jpg 8w, https:\/\/hidesdeltietar.com\/wp-content\/uploads\/2026\/02\/photo_2026-02-03_21-31-21-copia.jpg 853w\" sizes=\"auto, (max-width: 445px) 100vw, 445px\" \/><\/a><\/figure>\n\n\n\n<p class=\"wp-block-paragraph\"><\/p>\n\n\n\n<p class=\"wp-block-paragraph\"><\/p>\n\n\n\n<p class=\"wp-block-paragraph\"><\/p>\n\n\n\n<hr class=\"wp-block-separator has-alpha-channel-opacity\"\/>\n\n\n\n<h2 class=\"wp-block-heading\"><\/h2>\n\n\n\n<h2 class=\"wp-block-heading\"><a href=\"https:\/\/hidesdeltietar.com\/en\/salida-fotografica-celo-cabra-montesa-gredos\/\">Salida fotografia del celo cabra montesa en Gredos 2026<\/a><\/h2>\n\n\n\n<p class=\"wp-block-paragraph\"><\/p>\n\n\n\n<figure class=\"wp-block-gallery has-nested-images columns-default is-cropped wp-block-gallery-1 is-layout-flex wp-block-gallery-is-layout-flex\">\n<figure class=\"wp-block-image size-large\"><a href=\"https:\/\/hidesdeltietar.com\/en\/salida-fotografica-celo-cabra-montesa-gredos\/\"><img loading=\"lazy\" decoding=\"async\" width=\"1000\" height=\"668\" data-id=\"660\" src=\"https:\/\/hidesdeltietar.com\/wp-content\/uploads\/2018\/11\/FER7889-copia.jpg\" alt=\"Capra pyrenaica victoriae\" class=\"wp-image-660\" srcset=\"https:\/\/hidesdeltietar.com\/wp-content\/uploads\/2018\/11\/FER7889-copia.jpg 1000w, https:\/\/hidesdeltietar.com\/wp-content\/uploads\/2018\/11\/FER7889-copia-150x100.jpg 150w, https:\/\/hidesdeltietar.com\/wp-content\/uploads\/2018\/11\/FER7889-copia-300x200.jpg 300w, https:\/\/hidesdeltietar.com\/wp-content\/uploads\/2018\/11\/FER7889-copia-768x513.jpg 768w\" sizes=\"auto, (max-width: 1000px) 100vw, 1000px\" \/><\/a><figcaption class=\"wp-element-caption\"><a href=\"https:\/\/hidesdeltietar.com\/en\/salida-fotografica-celo-cabra-montesa-gredos\/\" target=\"_blank\" rel=\"noreferrer noopener\">https:\/\/hidesdeltietar.com\/salida-fotografica-celo-cabra-montesa-gredos\/<\/a>Capra pyrenaica victoriae, HIDES DEL TIETAR<\/figcaption><\/figure>\n<\/figure>\n\n\n\n<h2 class=\"wp-block-heading\"><\/h2>","protected":false},"excerpt":{"rendered":"<p>Aqu\u00ed encontraras las diferentes actividades y taller organizados que iremos anunciando a lo largo del a\u00f1o 2026 Expedici\u00f3n fotograf\u00eda de Orcas 2026 Taller fotograf\u00eda de rapaces con estelas 2026 Taller de Quebrantahuesos en Pirineo 10 al 12 y del 12 al 14 de 2026 Salida fotografia del celo cabra montesa en Gredos 2026<\/p>","protected":false},"author":1,"featured_media":0,"parent":0,"menu_order":0,"comment_status":"closed","ping_status":"closed","template":"","meta":{"_crdt_document":"","footnotes":""},"class_list":["post-1336","page","type-page","status-publish","hentry"],"yoast_head":"<!-- This site is optimized with the Yoast SEO plugin v27.5 - https:\/\/yoast.com\/product\/yoast-seo-wordpress\/ -->\n<title>Actividades 2026 -hides fotograf\u00eda<\/title>\n<meta name=\"description\" content=\"Hides fotograf\u00eda aves\" \/>\n<meta name=\"robots\" content=\"index, follow, max-snippet:-1, max-image-preview:large, max-video-preview:-1\" \/>\n<link rel=\"canonical\" href=\"https:\/\/hidesdeltietar.com\/en\/talleres-2021\/\" \/>\n<meta property=\"og:locale\" content=\"en_GB\" \/>\n<meta property=\"og:type\" content=\"article\" \/>\n<meta property=\"og:title\" content=\"Actividades 2026 -hides fotograf\u00eda\" \/>\n<meta property=\"og:description\" content=\"Hides fotograf\u00eda aves\" \/>\n<meta property=\"og:url\" content=\"https:\/\/hidesdeltietar.com\/en\/talleres-2021\/\" \/>\n<meta property=\"og:site_name\" content=\"Hides del Ti\u00e9tar\" \/>\n<meta property=\"article:modified_time\" content=\"2026-03-21T18:51:08+00:00\" \/>\n<meta property=\"og:image\" content=\"https:\/\/hidesdeltietar.com\/wp-content\/uploads\/2026\/03\/CARTEL-1.jpg\" \/>\n\t<meta property=\"og:image:width\" content=\"1080\" \/>\n\t<meta property=\"og:image:height\" content=\"1350\" \/>\n\t<meta property=\"og:image:type\" content=\"image\/jpeg\" \/>\n<meta name=\"twitter:card\" content=\"summary_large_image\" \/>\n<meta name=\"twitter:label1\" content=\"Estimated reading time\" \/>\n\t<meta name=\"twitter:data1\" content=\"1 minute\" \/>\n<script type=\"application\/ld+json\" class=\"yoast-schema-graph\">{\"@context\":\"https:\\\/\\\/schema.org\",\"@graph\":[{\"@type\":\"WebPage\",\"@id\":\"https:\\\/\\\/hidesdeltietar.com\\\/talleres-2021\\\/\",\"url\":\"https:\\\/\\\/hidesdeltietar.com\\\/talleres-2021\\\/\",\"name\":\"Actividades 2026 -hides fotograf\u00eda\",\"isPartOf\":{\"@id\":\"https:\\\/\\\/hidesdeltietar.com\\\/#website\"},\"primaryImageOfPage\":{\"@id\":\"https:\\\/\\\/hidesdeltietar.com\\\/talleres-2021\\\/#primaryimage\"},\"image\":{\"@id\":\"https:\\\/\\\/hidesdeltietar.com\\\/talleres-2021\\\/#primaryimage\"},\"thumbnailUrl\":\"https:\\\/\\\/hidesdeltietar.com\\\/wp-content\\\/uploads\\\/2026\\\/03\\\/CARTEL-1-534x668.jpg\",\"datePublished\":\"2020-09-15T04:21:43+00:00\",\"dateModified\":\"2026-03-21T18:51:08+00:00\",\"description\":\"Hides fotograf\u00eda aves\",\"breadcrumb\":{\"@id\":\"https:\\\/\\\/hidesdeltietar.com\\\/talleres-2021\\\/#breadcrumb\"},\"inLanguage\":\"en-GB\",\"potentialAction\":[{\"@type\":\"ReadAction\",\"target\":[\"https:\\\/\\\/hidesdeltietar.com\\\/talleres-2021\\\/\"]}]},{\"@type\":\"ImageObject\",\"inLanguage\":\"en-GB\",\"@id\":\"https:\\\/\\\/hidesdeltietar.com\\\/talleres-2021\\\/#primaryimage\",\"url\":\"https:\\\/\\\/hidesdeltietar.com\\\/wp-content\\\/uploads\\\/2026\\\/03\\\/CARTEL-1-534x668.jpg\",\"contentUrl\":\"https:\\\/\\\/hidesdeltietar.com\\\/wp-content\\\/uploads\\\/2026\\\/03\\\/CARTEL-1-534x668.jpg\"},{\"@type\":\"BreadcrumbList\",\"@id\":\"https:\\\/\\\/hidesdeltietar.com\\\/talleres-2021\\\/#breadcrumb\",\"itemListElement\":[{\"@type\":\"ListItem\",\"position\":1,\"name\":\"Portada\",\"item\":\"https:\\\/\\\/hidesdeltietar.com\\\/\"},{\"@type\":\"ListItem\",\"position\":2,\"name\":\"Actividades 2026\"}]},{\"@type\":\"WebSite\",\"@id\":\"https:\\\/\\\/hidesdeltietar.com\\\/#website\",\"url\":\"https:\\\/\\\/hidesdeltietar.com\\\/\",\"name\":\"Hides del Ti\u00e9tar\",\"description\":\"Hides fotograficos, fotografia de Fauna en Espa\u00f1a\",\"publisher\":{\"@id\":\"https:\\\/\\\/hidesdeltietar.com\\\/#\\\/schema\\\/person\\\/255bb2e69140f1ea0b5afd8ce546b35f\"},\"potentialAction\":[{\"@type\":\"SearchAction\",\"target\":{\"@type\":\"EntryPoint\",\"urlTemplate\":\"https:\\\/\\\/hidesdeltietar.com\\\/?s={search_term_string}\"},\"query-input\":{\"@type\":\"PropertyValueSpecification\",\"valueRequired\":true,\"valueName\":\"search_term_string\"}}],\"inLanguage\":\"en-GB\"},{\"@type\":[\"Person\",\"Organization\"],\"@id\":\"https:\\\/\\\/hidesdeltietar.com\\\/#\\\/schema\\\/person\\\/255bb2e69140f1ea0b5afd8ce546b35f\",\"name\":\"fsanchex\",\"image\":{\"@type\":\"ImageObject\",\"inLanguage\":\"en-GB\",\"@id\":\"https:\\\/\\\/hidesdeltietar.com\\\/wp-content\\\/uploads\\\/2017\\\/12\\\/Logo.png\",\"url\":\"https:\\\/\\\/hidesdeltietar.com\\\/wp-content\\\/uploads\\\/2017\\\/12\\\/Logo.png\",\"contentUrl\":\"https:\\\/\\\/hidesdeltietar.com\\\/wp-content\\\/uploads\\\/2017\\\/12\\\/Logo.png\",\"width\":3000,\"height\":2000,\"caption\":\"fsanchex\"},\"logo\":{\"@id\":\"https:\\\/\\\/hidesdeltietar.com\\\/wp-content\\\/uploads\\\/2017\\\/12\\\/Logo.png\"}}]}<\/script>\n<!-- \/ Yoast SEO plugin. -->","yoast_head_json":{"title":"Actividades 2026 -hides fotograf\u00eda","description":"Hides fotograf\u00eda aves","robots":{"index":"index","follow":"follow","max-snippet":"max-snippet:-1","max-image-preview":"max-image-preview:large","max-video-preview":"max-video-preview:-1"},"canonical":"https:\/\/hidesdeltietar.com\/en\/talleres-2021\/","og_locale":"en_GB","og_type":"article","og_title":"Actividades 2026 -hides fotograf\u00eda","og_description":"Hides fotograf\u00eda aves","og_url":"https:\/\/hidesdeltietar.com\/en\/talleres-2021\/","og_site_name":"Hides del Ti\u00e9tar","article_modified_time":"2026-03-21T18:51:08+00:00","og_image":[{"width":1080,"height":1350,"url":"https:\/\/hidesdeltietar.com\/wp-content\/uploads\/2026\/03\/CARTEL-1.jpg","type":"image\/jpeg"}],"twitter_card":"summary_large_image","twitter_misc":{"Estimated reading time":"1 minute"},"schema":{"@context":"https:\/\/schema.org","@graph":[{"@type":"WebPage","@id":"https:\/\/hidesdeltietar.com\/talleres-2021\/","url":"https:\/\/hidesdeltietar.com\/talleres-2021\/","name":"Actividades 2026 -hides fotograf\u00eda","isPartOf":{"@id":"https:\/\/hidesdeltietar.com\/#website"},"primaryImageOfPage":{"@id":"https:\/\/hidesdeltietar.com\/talleres-2021\/#primaryimage"},"image":{"@id":"https:\/\/hidesdeltietar.com\/talleres-2021\/#primaryimage"},"thumbnailUrl":"https:\/\/hidesdeltietar.com\/wp-content\/uploads\/2026\/03\/CARTEL-1-534x668.jpg","datePublished":"2020-09-15T04:21:43+00:00","dateModified":"2026-03-21T18:51:08+00:00","description":"Hides fotograf\u00eda aves","breadcrumb":{"@id":"https:\/\/hidesdeltietar.com\/talleres-2021\/#breadcrumb"},"inLanguage":"en-GB","potentialAction":[{"@type":"ReadAction","target":["https:\/\/hidesdeltietar.com\/talleres-2021\/"]}]},{"@type":"ImageObject","inLanguage":"en-GB","@id":"https:\/\/hidesdeltietar.com\/talleres-2021\/#primaryimage","url":"https:\/\/hidesdeltietar.com\/wp-content\/uploads\/2026\/03\/CARTEL-1-534x668.jpg","contentUrl":"https:\/\/hidesdeltietar.com\/wp-content\/uploads\/2026\/03\/CARTEL-1-534x668.jpg"},{"@type":"BreadcrumbList","@id":"https:\/\/hidesdeltietar.com\/talleres-2021\/#breadcrumb","itemListElement":[{"@type":"ListItem","position":1,"name":"Portada","item":"https:\/\/hidesdeltietar.com\/"},{"@type":"ListItem","position":2,"name":"Actividades 2026"}]},{"@type":"WebSite","@id":"https:\/\/hidesdeltietar.com\/#website","url":"https:\/\/hidesdeltietar.com\/","name":"Hides del Ti\u00e9tar","description":"Hides fotograficos, fotografia de Fauna en Espa\u00f1a","publisher":{"@id":"https:\/\/hidesdeltietar.com\/#\/schema\/person\/255bb2e69140f1ea0b5afd8ce546b35f"},"potentialAction":[{"@type":"SearchAction","target":{"@type":"EntryPoint","urlTemplate":"https:\/\/hidesdeltietar.com\/?s={search_term_string}"},"query-input":{"@type":"PropertyValueSpecification","valueRequired":true,"valueName":"search_term_string"}}],"inLanguage":"en-GB"},{"@type":["Person","Organization"],"@id":"https:\/\/hidesdeltietar.com\/#\/schema\/person\/255bb2e69140f1ea0b5afd8ce546b35f","name":"fsanchex","image":{"@type":"ImageObject","inLanguage":"en-GB","@id":"https:\/\/hidesdeltietar.com\/wp-content\/uploads\/2017\/12\/Logo.png","url":"https:\/\/hidesdeltietar.com\/wp-content\/uploads\/2017\/12\/Logo.png","contentUrl":"https:\/\/hidesdeltietar.com\/wp-content\/uploads\/2017\/12\/Logo.png","width":3000,"height":2000,"caption":"fsanchex"},"logo":{"@id":"https:\/\/hidesdeltietar.com\/wp-content\/uploads\/2017\/12\/Logo.png"}}]}},"_links":{"self":[{"href":"https:\/\/hidesdeltietar.com\/en\/wp-json\/wp\/v2\/pages\/1336","targetHints":{"allow":["GET"]}}],"collection":[{"href":"https:\/\/hidesdeltietar.com\/en\/wp-json\/wp\/v2\/pages"}],"about":[{"href":"https:\/\/hidesdeltietar.com\/en\/wp-json\/wp\/v2\/types\/page"}],"author":[{"embeddable":true,"href":"https:\/\/hidesdeltietar.com\/en\/wp-json\/wp\/v2\/users\/1"}],"replies":[{"embeddable":true,"href":"https:\/\/hidesdeltietar.com\/en\/wp-json\/wp\/v2\/comments?post=1336"}],"version-history":[{"count":95,"href":"https:\/\/hidesdeltietar.com\/en\/wp-json\/wp\/v2\/pages\/1336\/revisions"}],"predecessor-version":[{"id":3297,"href":"https:\/\/hidesdeltietar.com\/en\/wp-json\/wp\/v2\/pages\/1336\/revisions\/3297"}],"wp:attachment":[{"href":"https:\/\/hidesdeltietar.com\/en\/wp-json\/wp\/v2\/media?parent=1336"}],"curies":[{"name":"wp","href":"https:\/\/api.w.org\/{rel}","templated":true}]}}